{"id":14906,"date":"2024-03-18T16:37:35","date_gmt":"2024-03-18T14:37:35","guid":{"rendered":"https:\/\/proterm.md\/?post_type=product&#038;p=14906"},"modified":"2025-05-30T14:01:55","modified_gmt":"2025-05-30T12:01:55","slug":"capac-decorativ-din-plastic-pentru-teava","status":"publish","type":"product","link":"https:\/\/proterm.md\/ro\/product\/capac-decorativ-din-plastic-pentru-teava\/","title":{"rendered":"Capac decorativ din plastic pentru teava"},"content":{"rendered":"<p>Capacul decorativ pentru \u021bevi din plastic este o solu\u021bie elegant\u0103 \u0219i practic\u0103 pentru a ascunde \u0219i a ad\u0103uga o not\u0103 de finisare estetic\u0103 sistemelor de \u021bevi din casa sau biroul dvs. Fabricat\u0103 din plastic de calitate, aceast\u0103 hus\u0103 este u\u0219oar\u0103 \u0219i durabil\u0103, asigur\u00e2ndu-se c\u0103 este durabil\u0103 \u0219i de lung\u0103 durat\u0103. Designul s\u0103u minimalist \u0219i culoarea alb\u0103 \u00eel fac s\u0103 se potriveasc\u0103 u\u0219or \u00een orice interior.<\/p>\n<p>Acest capac nu numai c\u0103 ascunde \u021bevile pentru un aspect mai finisat \u0219i mai ordonat, dar serve\u0219te \u0219i ca protec\u021bie \u00eempotriva prafului \u0219i murd\u0103riei, f\u0103c\u00e2ndu-l o solu\u021bie ideal\u0103 pentru aplica\u021bii casnice \u0219i comerciale. \u00cen plus, instalarea unei astfel de huse nu necesit\u0103 abilit\u0103\u021bi sau instrumente speciale datorit\u0103 designului s\u0103u simplu \u0219i convenabil, ceea ce face ca procesul de instalare s\u0103 fie rapid \u0219i u\u0219or.<\/p>","protected":false},"excerpt":{"rendered":"<p>Diametru \u00d8 10-22 mm<br \/>\nCuloare Alb<br \/>\nMaterial &#8211; plastic<br \/>\nImportator &#8211; ProTerm Grup, R. M, or. Chisinau, str. Nadejda Russo, 2\/4, MD2024<\/p>\n","protected":false},"featured_media":14907,"template":"","meta":{"_joinchat":[]},"product_brand":[],"product_cat":[72],"product_tag":[],"class_list":{"0":"post-14906","1":"product","2":"type-product","3":"status-publish","4":"has-post-thumbnail","6":"product_cat-robineti_radiatoare","8":"first","9":"instock","10":"shipping-taxable","11":"product-type-simple"},"_links":{"self":[{"href":"https:\/\/proterm.md\/ro\/wp-json\/wp\/v2\/product\/14906","targetHints":{"allow":["GET"]}}],"collection":[{"href":"https:\/\/proterm.md\/ro\/wp-json\/wp\/v2\/product"}],"about":[{"href":"https:\/\/proterm.md\/ro\/wp-json\/wp\/v2\/types\/product"}],"wp:featuredmedia":[{"embeddable":true,"href":"https:\/\/proterm.md\/ro\/wp-json\/wp\/v2\/media\/14907"}],"wp:attachment":[{"href":"https:\/\/proterm.md\/ro\/wp-json\/wp\/v2\/media?parent=14906"}],"wp:term":[{"taxonomy":"product_brand","embeddable":true,"href":"https:\/\/proterm.md\/ro\/wp-json\/wp\/v2\/product_brand?post=14906"},{"taxonomy":"product_cat","embeddable":true,"href":"https:\/\/proterm.md\/ro\/wp-json\/wp\/v2\/product_cat?post=14906"},{"taxonomy":"product_tag","embeddable":true,"href":"https:\/\/proterm.md\/ro\/wp-json\/wp\/v2\/product_tag?post=14906"}],"curies":[{"name":"wp","href":"https:\/\/api.w.org\/{rel}","templated":true}]}}